{"id":1215,"date":"2025-12-29T20:00:00","date_gmt":"2025-12-29T19:00:00","guid":{"rendered":"https:\/\/thomas-bedel.de\/patio\/?page_id=1215"},"modified":"2026-01-01T22:54:17","modified_gmt":"2026-01-01T21:54:17","slug":"k-p-brehmer","status":"publish","type":"page","link":"https:\/\/thomas-bedel.de\/patio\/k-p-brehmer\/","title":{"rendered":"K.P. Brehmer"},"content":{"rendered":"<p>Trivialgrafik und Aufsteller<br \/>\nDie Ausstellung wird er\u00f6ffnet von Herr Dr. Jung vom Bundesluftschutzverband, nachdem Patio die Aufforderung in einer Luftschutzbrosch\u00fcre, \u201eladen Sie unseren Beauftragten ein, vor Ihrem Freundeskreis vorzutragen&#8220;, w\u00f6rtlich genommen hatte.<br \/>\nEin Funktion\u00e4r des Bundes-Luftschutzverbandes kam, der ahnungslos erscheint und dennoch, nachdem der Groschen gefallen war, seine Rede konzeptgem\u00e4\u00df abspult und \u00fcber wei\u00dfe und schwarze Atompilze und Aktentaschen als Kopfschutz referiert. Das Publikum, Werner Schreibs Katze einge-schlossen, schnurrt vor Vergn\u00fcgen, das Fernsehen nimmt alles auf.<\/p>\n","protected":false},"excerpt":{"rendered":"<p>Trivialgrafik und Aufsteller Die Ausstellung wird er\u00f6ffnet von Herr Dr. Jung vom Bundesluftschutzverband, nachdem Patio die Aufforderung in einer Luftschutzbrosch\u00fcre, \u201eladen Sie unseren Beauftragten ein, vor Ihrem Freundeskreis vorzutragen&#8220;, w\u00f6rtlich genommen hatte. Ein Funktion\u00e4r des Bundes-Luftschutzverbandes kam, der ahnungslos erscheint und dennoch, nachdem der Groschen gefallen war, seine Rede konzeptgem\u00e4\u00df abspult und \u00fcber wei\u00dfe und<\/p>\n","protected":false},"author":1,"featured_media":0,"parent":0,"menu_order":0,"comment_status":"closed","ping_status":"closed","template":"","meta":{"_coblocks_attr":"","_coblocks_dimensions":"","_coblocks_responsive_height":"","_coblocks_accordion_ie_support":"","_links_to":"","_links_to_target":""},"_links":{"self":[{"href":"https:\/\/thomas-bedel.de\/patio\/wp-json\/wp\/v2\/pages\/1215"}],"collection":[{"href":"https:\/\/thomas-bedel.de\/patio\/wp-json\/wp\/v2\/pages"}],"about":[{"href":"https:\/\/thomas-bedel.de\/patio\/wp-json\/wp\/v2\/types\/page"}],"author":[{"embeddable":true,"href":"https:\/\/thomas-bedel.de\/patio\/wp-json\/wp\/v2\/users\/1"}],"replies":[{"embeddable":true,"href":"https:\/\/thomas-bedel.de\/patio\/wp-json\/wp\/v2\/comments?post=1215"}],"version-history":[{"count":3,"href":"https:\/\/thomas-bedel.de\/patio\/wp-json\/wp\/v2\/pages\/1215\/revisions"}],"predecessor-version":[{"id":1389,"href":"https:\/\/thomas-bedel.de\/patio\/wp-json\/wp\/v2\/pages\/1215\/revisions\/1389"}],"wp:attachment":[{"href":"https:\/\/thomas-bedel.de\/patio\/wp-json\/wp\/v2\/media?parent=1215"}],"curies":[{"name":"wp","href":"https:\/\/api.w.org\/{rel}","templated":true}]}}