{"id":1351,"date":"2025-12-30T23:13:23","date_gmt":"2025-12-30T22:13:23","guid":{"rendered":"https:\/\/thomas-bedel.de\/patio\/?page_id=1351"},"modified":"2026-01-02T23:12:17","modified_gmt":"2026-01-02T22:12:17","slug":"patios-ackricultur","status":"publish","type":"page","link":"https:\/\/thomas-bedel.de\/patio\/patios-ackricultur\/","title":{"rendered":"Patios Ackricultur"},"content":{"rendered":"<p>\u201eAufw\u00e4rts! Wo Patio hintritt, w\u00e4chst kein Gras mehr!&#8220; Patio-Aktion in der Werkstatt Breitenbrunn von Wil Frenken in \u00d6sterreich. Es gibt zun\u00e4chst Schwierigkeiten mit der unteren Naturschutzbeh\u00f6rde, die Aktion findet aber schlie\u00dflich doch statt. Ein sch\u00f6ner Film entsteht. Auf dem Acker w\u00e4chst das Gras besser als je zuvor.<\/p>\n","protected":false},"excerpt":{"rendered":"<p>\u201eAufw\u00e4rts! Wo Patio hintritt, w\u00e4chst kein Gras mehr!&#8220; Patio-Aktion in der Werkstatt Breitenbrunn von Wil Frenken in \u00d6sterreich. Es gibt zun\u00e4chst Schwierigkeiten mit der unteren Naturschutzbeh\u00f6rde, die Aktion findet aber schlie\u00dflich doch statt. Ein sch\u00f6ner Film entsteht. Auf dem Acker w\u00e4chst das Gras besser als je zuvor.<\/p>\n","protected":false},"author":1,"featured_media":0,"parent":0,"menu_order":0,"comment_status":"closed","ping_status":"closed","template":"","meta":{"_coblocks_attr":"","_coblocks_dimensions":"","_coblocks_responsive_height":"","_coblocks_accordion_ie_support":"","_links_to":"","_links_to_target":""},"_links":{"self":[{"href":"https:\/\/thomas-bedel.de\/patio\/wp-json\/wp\/v2\/pages\/1351"}],"collection":[{"href":"https:\/\/thomas-bedel.de\/patio\/wp-json\/wp\/v2\/pages"}],"about":[{"href":"https:\/\/thomas-bedel.de\/patio\/wp-json\/wp\/v2\/types\/page"}],"author":[{"embeddable":true,"href":"https:\/\/thomas-bedel.de\/patio\/wp-json\/wp\/v2\/users\/1"}],"replies":[{"embeddable":true,"href":"https:\/\/thomas-bedel.de\/patio\/wp-json\/wp\/v2\/comments?post=1351"}],"version-history":[{"count":3,"href":"https:\/\/thomas-bedel.de\/patio\/wp-json\/wp\/v2\/pages\/1351\/revisions"}],"predecessor-version":[{"id":1419,"href":"https:\/\/thomas-bedel.de\/patio\/wp-json\/wp\/v2\/pages\/1351\/revisions\/1419"}],"wp:attachment":[{"href":"https:\/\/thomas-bedel.de\/patio\/wp-json\/wp\/v2\/media?parent=1351"}],"curies":[{"name":"wp","href":"https:\/\/api.w.org\/{rel}","templated":true}]}}