{"id":1361,"date":"2025-12-30T23:22:33","date_gmt":"2025-12-30T22:22:33","guid":{"rendered":"https:\/\/thomas-bedel.de\/patio\/?page_id=1361"},"modified":"2026-01-03T19:22:27","modified_gmt":"2026-01-03T18:22:27","slug":"haeppi-borsdee-aemerrikae","status":"publish","type":"page","link":"https:\/\/thomas-bedel.de\/patio\/haeppi-borsdee-aemerrikae\/","title":{"rendered":"H\u00e4ppi Borsdee \u00c4merrik\u00e4"},"content":{"rendered":"<p>7. Einladungsausstellung zum Themenstichwort \u201e200 Jahre USA&#8220;. Mit:<br \/>\nAFN, Werner Lamb, Jimi Hendrix, Herbie Mann, Dieter Segebrecht, G\u00fcnter Scherer, Nikolaus Jungwirth, Klaus Burkhardt, Michael Schulte, Manfred Linke, Heinz Diekmann, Otto Dre\u00dfler, Yves Daniel, Hajo L\u00fcst, Thomas Bayrle, J. Rohleder, Benno Walldorf, A. Strzyz, Bettina von Arnim,<br \/>\nH. Tress, Horst Baerenz, Uve Schmidt, Kriemhild Flake, Siegfried Reich an der Stolpe, Richard Hartwell, Linda Christanell, David Albrecht, G\u00fcnter und Luise Scherer, Walter Kroe, Walter Zimbrich, Timm Ulrichs, Renate Sautermeister, Solke Kirchschlag, Wil Frenken, Gunter Rambow, Fria Elfen, Helga Philipp, Bernhard J\u00e4ger, Sascha Juritz, Konrad Balder Sch\u00e4uffelen, Ingrid Webend\u00f6rfer, Rudi Mattenklotz, Uli Raschke, Wolfgang Schrank, Oskar Schmitz.<br \/>\nDie Galerie ist in die amerikanische Flagge verwandelt, 50 K\u00fcnstler gestalten je einen Stern.<\/p>\n<p><a href=\"https:\/\/thomas-bedel.de\/patio\/wp-content\/uploads\/sites\/3\/2026\/01\/IMG_1679.jpg\"><img decoding=\"async\" loading=\"lazy\" class=\"size-medium wp-image-1421\" src=\"https:\/\/thomas-bedel.de\/patio\/wp-content\/uploads\/sites\/3\/2026\/01\/IMG_1679-300x282.jpg\" alt=\"\" width=\"300\" height=\"282\" srcset=\"https:\/\/thomas-bedel.de\/patio\/wp-content\/uploads\/sites\/3\/2026\/01\/IMG_1679-300x282.jpg 300w, https:\/\/thomas-bedel.de\/patio\/wp-content\/uploads\/sites\/3\/2026\/01\/IMG_1679-1024x964.jpg 1024w, https:\/\/thomas-bedel.de\/patio\/wp-content\/uploads\/sites\/3\/2026\/01\/IMG_1679-768x723.jpg 768w, https:\/\/thomas-bedel.de\/patio\/wp-content\/uploads\/sites\/3\/2026\/01\/IMG_1679.jpg 1500w\" sizes=\"(max-width: 300px) 100vw, 300px\" \/><\/a><\/p>\n","protected":false},"excerpt":{"rendered":"<p>7. Einladungsausstellung zum Themenstichwort \u201e200 Jahre USA&#8220;. Mit: AFN, Werner Lamb, Jimi Hendrix, Herbie Mann, Dieter Segebrecht, G\u00fcnter Scherer, Nikolaus Jungwirth, Klaus Burkhardt, Michael Schulte, Manfred Linke, Heinz Diekmann, Otto Dre\u00dfler, Yves Daniel, Hajo L\u00fcst, Thomas Bayrle, J. Rohleder, Benno Walldorf, A. Strzyz, Bettina von Arnim, H. Tress, Horst Baerenz, Uve Schmidt, Kriemhild Flake, Siegfried<\/p>\n","protected":false},"author":1,"featured_media":0,"parent":0,"menu_order":0,"comment_status":"closed","ping_status":"closed","template":"","meta":{"_coblocks_attr":"","_coblocks_dimensions":"","_coblocks_responsive_height":"","_coblocks_accordion_ie_support":"","_links_to":"","_links_to_target":""},"_links":{"self":[{"href":"https:\/\/thomas-bedel.de\/patio\/wp-json\/wp\/v2\/pages\/1361"}],"collection":[{"href":"https:\/\/thomas-bedel.de\/patio\/wp-json\/wp\/v2\/pages"}],"about":[{"href":"https:\/\/thomas-bedel.de\/patio\/wp-json\/wp\/v2\/types\/page"}],"author":[{"embeddable":true,"href":"https:\/\/thomas-bedel.de\/patio\/wp-json\/wp\/v2\/users\/1"}],"replies":[{"embeddable":true,"href":"https:\/\/thomas-bedel.de\/patio\/wp-json\/wp\/v2\/comments?post=1361"}],"version-history":[{"count":3,"href":"https:\/\/thomas-bedel.de\/patio\/wp-json\/wp\/v2\/pages\/1361\/revisions"}],"predecessor-version":[{"id":1422,"href":"https:\/\/thomas-bedel.de\/patio\/wp-json\/wp\/v2\/pages\/1361\/revisions\/1422"}],"wp:attachment":[{"href":"https:\/\/thomas-bedel.de\/patio\/wp-json\/wp\/v2\/media?parent=1361"}],"curies":[{"name":"wp","href":"https:\/\/api.w.org\/{rel}","templated":true}]}}