{"id":208,"date":"2025-03-26T22:03:56","date_gmt":"2025-03-26T21:03:56","guid":{"rendered":"https:\/\/thomas-bedel.de\/patio\/?page_id=208"},"modified":"2026-01-02T22:55:36","modified_gmt":"2026-01-02T21:55:36","slug":"1-mobilausstellung","status":"publish","type":"page","link":"https:\/\/thomas-bedel.de\/patio\/1-mobilausstellung\/","title":{"rendered":"1. Mobilausstellung"},"content":{"rendered":"<p>1969 veranstaltete Patio die erste Mobilausstellung. Die Ausstellungsobjekte befinden sich auf einem LKW, der an sechs verschiedenen Pl\u00e4tzen anh\u00e4lt, um dort die Objekte jeweils auszuladen und vor\u00fcbergehend auszustellen. Die Aktion endete durch die Polizei. Diese greift ein, den Tierschutzgedanken vorsch\u00fctzend, der K\u00fcnstler Rudolf Kr\u00e4mer-Badoni l\u00e4\u00dft sich auf eine verbale Kontroverse mit der Polizei ein. Vergeblich: Das Kunstwerk, in dem ein Huhn in einem K\u00e4fig sa\u00df und durch einen Passanten h\u00e4tte get\u00f6tet werden k\u00f6nnen, wird beschlagnahmt, Rudolf Kr\u00e4mer-Badoni kommt in Polizeigewahrsam. Es war die Zeit der Anti-Vietnamkrieg-Demos. Das Huhn \u00fcberlebte dann seinen Besitzer um einiges, der sa\u00df geraume Zeit sp\u00e4ter in Hannover tot in einer Stra\u00dfenbahn.<\/p>\n<!-- Final Tiles Grid Gallery for WordPress v3.6.13 free --><style>#ftg-2626 .tile .icon { color:#ffffff; }#ftg-2626 .ftg-items .loading-bar i { background:#666; }#ftg-2626 .ftg-items .loading-bar { background:#fff; }#ftg-2626 .tile .icon { font-size:12px; }#ftg-2626 .tile .icon { margin: -6px 0 0 -6px; }#ftg-2626 .tile .caption-block .text-wrapper span.text { font-size:12px; }#ftg-2626 .tile .caption-outside .text-wrapper span.text { font-size:12px; }#ftg-2626 .tile .caption-block .text-wrapper span.title { font-size:14px; }#ftg-2626 .tile .caption-outside .text-wrapper span.title { font-size:14px; }#ftg-2626 .tile { background-color: transparent; }#ftg-2626 .tile .caption-block .text-wrapper span.text { color: #ffffff; }#ftg-2626 .tile .caption-block .text-wrapper span.title { color: #ffffff; }#ftg-2626 .tile .caption-outside .text-wrapper span.text { color: #ffffff; }#ftg-2626 .tile .caption-outside .text-wrapper span.title { color: #ffffff; }#ftg-2626 .tile .ftg-social a { color: #ffffff; }#ftg-2626 .tile .caption-block { transition-duration:0.25s; }#ftg-2626 .tile .tile-inner:before { background-color: #000000; }#ftg-2626 .tile .tile-inner:before { background-color: rgba(0, 0, 0, 0.8); }#ftg-2626 .tile:hover img {-moz-transform: -moz-rotate(0deg) -moz-scale(0) ;-webkit-transform: -webkit-rotate(0deg) -webkit-scale(0) ;-o-transform: -o-rotate(0deg) -o-scale(0) ;-ms-transform: -ms-rotate(0deg) -ms-scale(0) ;transform: rotate(0deg) scale(0) ;}<\/style><a name=\"26\"><\/a><div class=\"final-tiles-gallery  ftg-hover-enabled caption-inside  caption-none caption-middle caption-center\" id=\"ftg-2626\" style=\"width: 100%\"><div class='ftg-items'><div class='loading-bar'><i><\/i><\/div><div  class='tile ftg-preload  '><a title=\"Plakat\" data-lightbox='ftg-2626' rel='ftg-2626'  class=' tile-inner  ftg-lightbox' href='https:\/\/thomas-bedel.de\/patio\/wp-content\/uploads\/sites\/3\/2025\/04\/mobilaisselung-737x1024.jpg' ><img alt='Plakat' class='item skip-lazy' data-class='item' data-ftg-source='https:\/\/thomas-bedel.de\/patio\/wp-content\/uploads\/sites\/3\/2025\/04\/mobilaisselung-737x1024.jpg' src='https:\/\/thomas-bedel.de\/patio\/wp-content\/uploads\/sites\/3\/2025\/04\/mobilaisselung-737x1024.jpg' width='737' height='1024' \/><div class='caption-block'><div class='text-wrapper'><span class='text'>Plakat<\/span><\/div><\/div><\/a><div class='ftg-social'><\/div><\/div><div  class='tile ftg-preload  '><a title=\"1. Mobilausstellung\" data-lightbox='ftg-2626' rel='ftg-2626'  class=' tile-inner  ftg-lightbox' href='https:\/\/thomas-bedel.de\/patio\/wp-content\/uploads\/sites\/3\/2026\/01\/IMG_1708-1024x866.jpg' ><img alt='1. Mobilausstellung' class='item skip-lazy' data-class='item' data-ftg-source='https:\/\/thomas-bedel.de\/patio\/wp-content\/uploads\/sites\/3\/2026\/01\/IMG_1708-1024x866.jpg' src='https:\/\/thomas-bedel.de\/patio\/wp-content\/uploads\/sites\/3\/2026\/01\/IMG_1708-1024x866.jpg' width='1024' height='866' \/><div class='caption-block'><div class='text-wrapper'><span class='text'>1. Mobilausstellung<\/span><\/div><\/div><\/a><div class='ftg-social'><\/div><\/div><div  class='tile ftg-preload  '><a title=\"1. Mobilausstellung\" data-lightbox='ftg-2626' rel='ftg-2626'  class=' tile-inner  ftg-lightbox' href='https:\/\/thomas-bedel.de\/patio\/wp-content\/uploads\/sites\/3\/2025\/04\/mobile-Kunstausstellung_1-1024x791.jpg' ><img alt='1. Mobilausstellung' class='item skip-lazy' data-class='item' data-ftg-source='https:\/\/thomas-bedel.de\/patio\/wp-content\/uploads\/sites\/3\/2025\/04\/mobile-Kunstausstellung_1-1024x791.jpg' src='https:\/\/thomas-bedel.de\/patio\/wp-content\/uploads\/sites\/3\/2025\/04\/mobile-Kunstausstellung_1-1024x791.jpg' width='1024' height='791' \/><div class='caption-block'><div class='text-wrapper'><span class='text'>1. Mobilausstellung<\/span><\/div><\/div><\/a><div class='ftg-social'><\/div><\/div><div  class='tile ftg-preload  '><a title=\"1. Mobilausstellung\" data-lightbox='ftg-2626' rel='ftg-2626'  class=' tile-inner  ftg-lightbox' href='https:\/\/thomas-bedel.de\/patio\/wp-content\/uploads\/sites\/3\/2025\/04\/36-stunden_2-782x1024.jpg' ><img alt='1. Mobilausstellung' class='item skip-lazy' data-class='item' data-ftg-source='https:\/\/thomas-bedel.de\/patio\/wp-content\/uploads\/sites\/3\/2025\/04\/36-stunden_2-782x1024.jpg' src='https:\/\/thomas-bedel.de\/patio\/wp-content\/uploads\/sites\/3\/2025\/04\/36-stunden_2-782x1024.jpg' width='782' height='1024' \/><div class='caption-block'><div class='text-wrapper'><span class='text'>1. Mobilausstellung<\/span><\/div><\/div><\/a><div class='ftg-social'><\/div><\/div><div  class='tile ftg-preload  '><a title=\"1. Mobilausstellung\" data-lightbox='ftg-2626' rel='ftg-2626'  class=' tile-inner  ftg-lightbox' href='https:\/\/thomas-bedel.de\/patio\/wp-content\/uploads\/sites\/3\/2025\/04\/36-stunden_1-1024x859.jpg' ><img alt='1. Mobilausstellung' class='item skip-lazy' data-class='item' data-ftg-source='https:\/\/thomas-bedel.de\/patio\/wp-content\/uploads\/sites\/3\/2025\/04\/36-stunden_1-1024x859.jpg' src='https:\/\/thomas-bedel.de\/patio\/wp-content\/uploads\/sites\/3\/2025\/04\/36-stunden_1-1024x859.jpg' width='1024' height='859' \/><div class='caption-block'><div class='text-wrapper'><span class='text'>1. Mobilausstellung<\/span><\/div><\/div><\/a><div class='ftg-social'><\/div><\/div><div  class='tile ftg-preload  '><a title=\"FR 28.5.1969\" data-lightbox='ftg-2626' rel='ftg-2626'  class=' tile-inner  ftg-lightbox' href='https:\/\/thomas-bedel.de\/patio\/wp-content\/uploads\/sites\/3\/2025\/04\/IMG_0002-521x1024.jpg' ><img alt='FR 28.5.1969' class='item skip-lazy' data-class='item' data-ftg-source='https:\/\/thomas-bedel.de\/patio\/wp-content\/uploads\/sites\/3\/2025\/04\/IMG_0002-521x1024.jpg' src='https:\/\/thomas-bedel.de\/patio\/wp-content\/uploads\/sites\/3\/2025\/04\/IMG_0002-521x1024.jpg' width='521' height='1024' \/><div class='caption-block'><div class='text-wrapper'><span class='text'>FR 28.5.1969<\/span><\/div><\/div><\/a><div class='ftg-social'><\/div><\/div><div  class='tile ftg-preload  '><a title=\"OP 27.5.1969\" data-lightbox='ftg-2626' rel='ftg-2626'  class=' tile-inner  ftg-lightbox' href='https:\/\/thomas-bedel.de\/patio\/wp-content\/uploads\/sites\/3\/2025\/04\/IMG_0001-1024x1013.jpg' ><img alt='OP 27.5.1969' class='item skip-lazy' data-class='item' data-ftg-source='https:\/\/thomas-bedel.de\/patio\/wp-content\/uploads\/sites\/3\/2025\/04\/IMG_0001-1024x1013.jpg' src='https:\/\/thomas-bedel.de\/patio\/wp-content\/uploads\/sites\/3\/2025\/04\/IMG_0001-1024x1013.jpg' width='1024' height='1013' \/><div class='caption-block'><div class='text-wrapper'><span class='text'>OP 27.5.1969<\/span><\/div><\/div><\/a><div class='ftg-social'><\/div><\/div><div  class='tile ftg-preload  '><a title=\"FAZ 27.5.1969\" data-lightbox='ftg-2626' rel='ftg-2626'  class=' tile-inner  ftg-lightbox' href='https:\/\/thomas-bedel.de\/patio\/wp-content\/uploads\/sites\/3\/2025\/04\/mobile-Kunstausstellung.jpg' ><img alt='FAZ 27.5.1969' class='item skip-lazy' data-class='item' data-ftg-source='https:\/\/thomas-bedel.de\/patio\/wp-content\/uploads\/sites\/3\/2025\/04\/mobile-Kunstausstellung.jpg' src='https:\/\/thomas-bedel.de\/patio\/wp-content\/uploads\/sites\/3\/2025\/04\/mobile-Kunstausstellung.jpg' width='568' height='750' \/><div class='caption-block'><div class='text-wrapper'><span class='text'>FAZ 27.5.1969<\/span><\/div><\/div><\/a><div class='ftg-social'><\/div><\/div><div  class='tile ftg-preload  '><a title=\"Plakat\" data-lightbox='ftg-2626' rel='ftg-2626'  class=' tile-inner  ftg-lightbox' href='https:\/\/thomas-bedel.de\/patio\/wp-content\/uploads\/sites\/3\/2025\/03\/Mobile-Ausstellung-1024x745.jpg' ><img alt='Plakat' class='item skip-lazy' data-class='item' data-ftg-source='https:\/\/thomas-bedel.de\/patio\/wp-content\/uploads\/sites\/3\/2025\/03\/Mobile-Ausstellung-1024x745.jpg' src='https:\/\/thomas-bedel.de\/patio\/wp-content\/uploads\/sites\/3\/2025\/03\/Mobile-Ausstellung-1024x745.jpg' width='1024' height='745' \/><div class='caption-block'><div class='text-wrapper'><span class='text'>Plakat<\/span><\/div><\/div><\/a><div class='ftg-social'><\/div><\/div><\/div><\/div>\n","protected":false},"excerpt":{"rendered":"<p>1969 veranstaltete Patio die erste Mobilausstellung. Die Ausstellungsobjekte befinden sich auf einem LKW, der an sechs verschiedenen Pl\u00e4tzen anh\u00e4lt, um dort die Objekte jeweils auszuladen und vor\u00fcbergehend auszustellen. Die Aktion endete durch die Polizei. Diese greift ein, den Tierschutzgedanken vorsch\u00fctzend, der K\u00fcnstler Rudolf Kr\u00e4mer-Badoni l\u00e4\u00dft sich auf eine verbale Kontroverse mit der Polizei ein. Vergeblich:<\/p>\n","protected":false},"author":1,"featured_media":0,"parent":0,"menu_order":0,"comment_status":"closed","ping_status":"closed","template":"","meta":{"_coblocks_attr":"","_coblocks_dimensions":"","_coblocks_responsive_height":"","_coblocks_accordion_ie_support":"","_links_to":"","_links_to_target":""},"_links":{"self":[{"href":"https:\/\/thomas-bedel.de\/patio\/wp-json\/wp\/v2\/pages\/208"}],"collection":[{"href":"https:\/\/thomas-bedel.de\/patio\/wp-json\/wp\/v2\/pages"}],"about":[{"href":"https:\/\/thomas-bedel.de\/patio\/wp-json\/wp\/v2\/types\/page"}],"author":[{"embeddable":true,"href":"https:\/\/thomas-bedel.de\/patio\/wp-json\/wp\/v2\/users\/1"}],"replies":[{"embeddable":true,"href":"https:\/\/thomas-bedel.de\/patio\/wp-json\/wp\/v2\/comments?post=208"}],"version-history":[{"count":11,"href":"https:\/\/thomas-bedel.de\/patio\/wp-json\/wp\/v2\/pages\/208\/revisions"}],"predecessor-version":[{"id":1417,"href":"https:\/\/thomas-bedel.de\/patio\/wp-json\/wp\/v2\/pages\/208\/revisions\/1417"}],"wp:attachment":[{"href":"https:\/\/thomas-bedel.de\/patio\/wp-json\/wp\/v2\/media?parent=208"}],"curies":[{"name":"wp","href":"https:\/\/api.w.org\/{rel}","templated":true}]}}