{"id":475,"date":"2025-03-30T14:03:30","date_gmt":"2025-03-30T12:03:30","guid":{"rendered":"https:\/\/thomas-bedel.de\/walter-zimbrich\/?page_id=475"},"modified":"2025-11-22T23:46:05","modified_gmt":"2025-11-22T22:46:05","slug":"warme-wogen-wie-wein","status":"publish","type":"page","link":"https:\/\/thomas-bedel.de\/walter-zimbrich\/warme-wogen-wie-wein\/","title":{"rendered":"2002\/07 &#8211; Warme Wogen wie Wein"},"content":{"rendered":"<p style=\"text-align: center;\"><span style=\"font-family: tahoma, arial, helvetica, sans-serif;\">So m\u00f6ge dein Leben sein!<\/span><\/p>\n<p style=\"text-align: center;\"><span style=\"font-family: tahoma, arial, helvetica, sans-serif; font-size: 10pt;\">(H. Melville)<\/span><\/p>\n<table style=\"border-collapse: collapse; width: 100%;\">\n<tbody>\n<tr>\n<td style=\"width: 50%;\"><span style=\"font-family: tahoma, arial, helvetica, sans-serif;\"><img decoding=\"async\" loading=\"lazy\" class=\"aligncenter size-thumbnail wp-image-2797\" src=\"https:\/\/thomas-bedel.de\/walter-zimbrich\/wp-content\/uploads\/sites\/2\/2025\/04\/blanco-150x150.jpg\" alt=\"\" width=\"150\" height=\"150\" srcset=\"https:\/\/thomas-bedel.de\/walter-zimbrich\/wp-content\/uploads\/sites\/2\/2025\/04\/blanco-150x150.jpg 150w, https:\/\/thomas-bedel.de\/walter-zimbrich\/wp-content\/uploads\/sites\/2\/2025\/04\/blanco-298x300.jpg 298w, https:\/\/thomas-bedel.de\/walter-zimbrich\/wp-content\/uploads\/sites\/2\/2025\/04\/blanco.jpg 603w\" sizes=\"(max-width: 150px) 100vw, 150px\" \/><\/span><\/td>\n<td style=\"width: 50%;\"><span style=\"font-family: tahoma, arial, helvetica, sans-serif;\"><strong>Rettungsboot<\/strong><\/span><\/p>\n<p><span style=\"font-family: tahoma, arial, helvetica, sans-serif; font-size: inherit;\"><strong>Technik:<\/strong>\u00a0Aquarell \u00fcber Laserdruck<\/span><\/p>\n<p><span style=\"font-family: tahoma, arial, helvetica, sans-serif; font-size: inherit;\"><strong>Gr\u00f6\u00dfe:\u00a0<\/strong>19 x 25 cm<\/span><\/p>\n<p><span style=\"font-family: tahoma, arial, helvetica, sans-serif;\"><strong>Werkverzeichnis:\u00a0<\/strong>WaWo\/\/1\/02<\/span><\/p>\n<p>&nbsp;<\/td>\n<\/tr>\n<tr>\n<td style=\"width: 50%;\"><span style=\"font-family: tahoma, arial, helvetica, sans-serif;\"><a href=\"https:\/\/thomas-bedel.de\/walter-zimbrich\/wp-content\/uploads\/sites\/2\/2025\/03\/WaWo-2-02-Kieloben.jpg\"><img decoding=\"async\" loading=\"lazy\" class=\"wp-image-476 size-thumbnail aligncenter\" src=\"https:\/\/thomas-bedel.de\/walter-zimbrich\/wp-content\/uploads\/sites\/2\/2025\/03\/WaWo-2-02-Kieloben-e1744234806517-150x150.jpg\" alt=\"\" width=\"150\" height=\"150\" \/><\/a><\/span><\/td>\n<td style=\"width: 50%;\"><span style=\"font-family: tahoma, arial, helvetica, sans-serif;\"><strong>Kieloben<\/strong><\/span><\/p>\n<p><span style=\"font-family: tahoma, arial, helvetica, sans-serif; font-size: inherit;\"><strong>Technik:<\/strong>\u00a0Aquarell \u00fcber Laserdruck<\/span><\/p>\n<p><span style=\"font-family: tahoma, arial, helvetica, sans-serif; font-size: inherit;\"><strong>Gr\u00f6\u00dfe:\u00a0<\/strong>19 x 25 cm<\/span><\/p>\n<p><span style=\"font-family: tahoma, arial, helvetica, sans-serif;\"><strong>Werkverzeichnis:\u00a0<\/strong>WaWo\/\/2\/02<\/span><\/p>\n<p>&nbsp;<\/td>\n<\/tr>\n<tr>\n<td style=\"width: 50%;\"><span style=\"font-family: tahoma, arial, helvetica, sans-serif;\"><a href=\"https:\/\/thomas-bedel.de\/walter-zimbrich\/wp-content\/uploads\/sites\/2\/2025\/03\/WaWo-3-02-Knurrhahn.jpg\"><img decoding=\"async\" loading=\"lazy\" class=\"wp-image-477 size-thumbnail aligncenter\" src=\"https:\/\/thomas-bedel.de\/walter-zimbrich\/wp-content\/uploads\/sites\/2\/2025\/03\/WaWo-3-02-Knurrhahn-e1744234770692-150x150.jpg\" alt=\"\" width=\"150\" height=\"150\" \/><\/a><\/span><\/td>\n<td style=\"width: 50%;\"><span style=\"font-family: tahoma, arial, helvetica, sans-serif;\"><strong>Knurrhahn<\/strong><\/span><\/p>\n<p><span style=\"font-family: tahoma, arial, helvetica, sans-serif; font-size: inherit;\"><strong>Technik:<\/strong>\u00a0Aquarell \u00fcber Laserdruck<\/span><\/p>\n<p><span style=\"font-family: tahoma, arial, helvetica, sans-serif; font-size: inherit;\"><strong>Gr\u00f6\u00dfe:\u00a0<\/strong>19 x 25 cm<\/span><\/p>\n<p><span style=\"font-family: tahoma, arial, helvetica, sans-serif;\"><strong>Werkverzeichnis:\u00a0<\/strong>WaWo\/\/3\/02<\/span><\/p>\n<p>&nbsp;<\/td>\n<\/tr>\n<tr>\n<td style=\"width: 50%;\"><span style=\"font-family: tahoma, arial, helvetica, sans-serif;\"><a href=\"https:\/\/thomas-bedel.de\/walter-zimbrich\/wp-content\/uploads\/sites\/2\/2025\/03\/WaWo-4-02-Fedallah-u\u0308ber-Bord.jpg\"><img decoding=\"async\" loading=\"lazy\" class=\"wp-image-478 size-thumbnail aligncenter\" src=\"https:\/\/thomas-bedel.de\/walter-zimbrich\/wp-content\/uploads\/sites\/2\/2025\/03\/WaWo-4-02-Fedallah-u\u0308ber-Bord-e1744234724144-150x150.jpg\" alt=\"\" width=\"150\" height=\"150\" \/><\/a><\/span><\/td>\n<td style=\"width: 50%;\"><span style=\"font-family: tahoma, arial, helvetica, sans-serif;\"><strong>Fedallah \u00fcber Bord<\/strong><\/span><\/p>\n<p><span style=\"font-family: tahoma, arial, helvetica, sans-serif; font-size: inherit;\"><strong>Technik:<\/strong>\u00a0Aquarell \u00fcber Laserdruck<\/span><\/p>\n<p><span style=\"font-family: tahoma, arial, helvetica, sans-serif; font-size: inherit;\"><strong>Gr\u00f6\u00dfe:\u00a0<\/strong>19 x 25 cm<\/span><\/p>\n<p><span style=\"font-family: tahoma, arial, helvetica, sans-serif;\"><strong>Werkverzeichnis:\u00a0<\/strong>WaWo\/\/4\/02<\/span><\/p>\n<p>&nbsp;<\/td>\n<\/tr>\n<tr>\n<td style=\"width: 50%;\"><span style=\"font-family: tahoma, arial, helvetica, sans-serif;\"><a href=\"https:\/\/thomas-bedel.de\/walter-zimbrich\/wp-content\/uploads\/sites\/2\/2025\/03\/WaWo-5-02-Zerfetztes-Segel.jpg\"><img decoding=\"async\" loading=\"lazy\" class=\"aligncenter wp-image-479 size-thumbnail\" src=\"https:\/\/thomas-bedel.de\/walter-zimbrich\/wp-content\/uploads\/sites\/2\/2025\/03\/WaWo-5-02-Zerfetztes-Segel-e1763851479346-150x150.jpg\" alt=\"\" width=\"150\" height=\"150\" \/><\/a><\/span><\/td>\n<td style=\"width: 50%;\"><span style=\"font-family: tahoma, arial, helvetica, sans-serif;\"><strong>Zerfetztes Segel<\/strong><\/span><\/p>\n<p><span style=\"font-family: tahoma, arial, helvetica, sans-serif; font-size: inherit;\"><strong>Technik:<\/strong>\u00a0Aquarell \u00fcber Laserdruck<\/span><\/p>\n<p><span style=\"font-family: tahoma, arial, helvetica, sans-serif; font-size: inherit;\"><strong>Gr\u00f6\u00dfe:\u00a0<\/strong>19 x 25 cm<\/span><\/p>\n<p><span style=\"font-family: tahoma, arial, helvetica, sans-serif;\"><strong>Werkverzeichnis:\u00a0<\/strong>WaWo\/\/5\/02<\/span><\/p>\n<p>&nbsp;<\/td>\n<\/tr>\n<tr>\n<td style=\"width: 50%;\"><span style=\"font-family: tahoma, arial, helvetica, sans-serif;\"><a href=\"https:\/\/thomas-bedel.de\/walter-zimbrich\/wp-content\/uploads\/sites\/2\/2025\/03\/WaWo-6-02-Der-Rammbock.jpg\"><img decoding=\"async\" loading=\"lazy\" class=\"aligncenter wp-image-480 size-thumbnail\" src=\"https:\/\/thomas-bedel.de\/walter-zimbrich\/wp-content\/uploads\/sites\/2\/2025\/03\/WaWo-6-02-Der-Rammbock-e1744234648215-150x150.jpg\" alt=\"\" width=\"150\" height=\"150\" \/><\/a><\/span><\/td>\n<td style=\"width: 50%;\"><span style=\"font-family: tahoma, arial, helvetica, sans-serif;\"><strong>Der Rammbock<\/strong><\/span><\/p>\n<p><span style=\"font-family: tahoma, arial, helvetica, sans-serif; font-size: inherit;\"><strong>Technik:<\/strong>\u00a0Aquarell \u00fcber Laserdruck<\/span><\/p>\n<p><span style=\"font-family: tahoma, arial, helvetica, sans-serif; font-size: inherit;\"><strong>Gr\u00f6\u00dfe:\u00a0<\/strong>19 x 25 cm<\/span><\/p>\n<p><span style=\"font-family: tahoma, arial, helvetica, sans-serif;\"><strong>Werkverzeichnis:\u00a0<\/strong>WaWo\/\/6\/02<\/span><\/p>\n<p>&nbsp;<\/td>\n<\/tr>\n<tr>\n<td style=\"width: 50%;\"><span style=\"font-family: tahoma, arial, helvetica, sans-serif;\"><a href=\"https:\/\/thomas-bedel.de\/walter-zimbrich\/wp-content\/uploads\/sites\/2\/2025\/03\/WaWo-6-02-Der-Rammbock.jpg\"><img decoding=\"async\" loading=\"lazy\" class=\"aligncenter wp-image-480 size-thumbnail\" src=\"https:\/\/thomas-bedel.de\/walter-zimbrich\/wp-content\/uploads\/sites\/2\/2025\/03\/WaWo-6-02-Der-Rammbock-e1744234648215-150x150.jpg\" alt=\"\" width=\"150\" height=\"150\" \/><\/a><\/span><\/td>\n<td style=\"width: 50%;\"><span style=\"font-family: tahoma, arial, helvetica, sans-serif;\"><strong>Mollusk<\/strong><\/span><\/p>\n<p><span style=\"font-family: tahoma, arial, helvetica, sans-serif; font-size: inherit;\"><strong>Technik:<\/strong>\u00a0Aquarell \u00fcber Laserdruck<\/span><\/p>\n<p><span style=\"font-family: tahoma, arial, helvetica, sans-serif; font-size: inherit;\"><strong>Gr\u00f6\u00dfe:\u00a0<\/strong>19 x 25 cm<\/span><\/p>\n<p><span style=\"font-family: tahoma, arial, helvetica, sans-serif;\"><strong>Werkverzeichnis:\u00a0<\/strong>WaWo\/\/7\/02<\/span><\/p>\n<p>&nbsp;<\/td>\n<\/tr>\n<tr>\n<td style=\"width: 50%;\"><span style=\"font-family: tahoma, arial, helvetica, sans-serif;\"><a href=\"https:\/\/thomas-bedel.de\/walter-zimbrich\/wp-content\/uploads\/sites\/2\/2025\/03\/WaWo-8-02-Seepocken.jpg\"><img decoding=\"async\" loading=\"lazy\" class=\"wp-image-481 size-thumbnail aligncenter\" src=\"https:\/\/thomas-bedel.de\/walter-zimbrich\/wp-content\/uploads\/sites\/2\/2025\/03\/WaWo-8-02-Seepocken-e1744234484477-150x150.jpg\" alt=\"\" width=\"150\" height=\"150\" \/><\/a><\/span><\/td>\n<td style=\"width: 50%;\"><span style=\"font-family: tahoma, arial, helvetica, sans-serif;\"><strong>Seepocken<\/strong><\/span><\/p>\n<p><span style=\"font-family: tahoma, arial, helvetica, sans-serif; font-size: inherit;\"><strong>Technik:<\/strong>\u00a0Aquarell \u00fcber Laserdruck<\/span><\/p>\n<p><span style=\"font-family: tahoma, arial, helvetica, sans-serif; font-size: inherit;\"><strong>Gr\u00f6\u00dfe:\u00a0<\/strong>19 x 25 cm<\/span><\/p>\n<p><span style=\"font-family: tahoma, arial, helvetica, sans-serif;\"><strong>Werkverzeichnis:\u00a0<\/strong>WaWo\/\/8\/02<\/span><\/p>\n<p>&nbsp;<\/td>\n<\/tr>\n<tr>\n<td style=\"width: 50%;\"><span style=\"font-family: tahoma, arial, helvetica, sans-serif;\"><a href=\"https:\/\/thomas-bedel.de\/walter-zimbrich\/wp-content\/uploads\/sites\/2\/2025\/03\/WaWo-9-02-Das-Auge.jpg\"><img decoding=\"async\" loading=\"lazy\" class=\"wp-image-491 size-thumbnail aligncenter\" src=\"https:\/\/thomas-bedel.de\/walter-zimbrich\/wp-content\/uploads\/sites\/2\/2025\/03\/WaWo-9-02-Das-Auge-e1744234130264-150x150.jpg\" alt=\"\" width=\"150\" height=\"150\" \/><\/a><\/span><\/td>\n<td style=\"width: 50%;\"><span style=\"font-family: tahoma, arial, helvetica, sans-serif;\"><strong>Das Auge<\/strong><\/span><\/p>\n<p><span style=\"font-family: tahoma, arial, helvetica, sans-serif; font-size: inherit;\"><strong>Technik:<\/strong>\u00a0Aquarell \u00fcber Laserdruck<\/span><\/p>\n<p><span style=\"font-family: tahoma, arial, helvetica, sans-serif; font-size: inherit;\"><strong>Gr\u00f6\u00dfe:\u00a0<\/strong>19 x 25 cm<\/span><\/p>\n<p><span style=\"font-family: tahoma, arial, helvetica, sans-serif;\"><strong>Werkverzeichnis:\u00a0<\/strong>WaWo\/\/9\/02<\/span><\/p>\n<p>&nbsp;<\/td>\n<\/tr>\n<tr>\n<td style=\"width: 50%;\"><span style=\"font-family: tahoma, arial, helvetica, sans-serif;\"><a href=\"https:\/\/thomas-bedel.de\/walter-zimbrich\/wp-content\/uploads\/sites\/2\/2025\/03\/WaWo-10-03-Drachenkopf.jpg\"><img decoding=\"async\" loading=\"lazy\" class=\"wp-image-482 size-thumbnail aligncenter\" src=\"https:\/\/thomas-bedel.de\/walter-zimbrich\/wp-content\/uploads\/sites\/2\/2025\/03\/WaWo-10-03-Drachenkopf-e1744234442917-150x150.jpg\" alt=\"\" width=\"150\" height=\"150\" \/><\/a><\/span><\/td>\n<td style=\"width: 50%;\"><span style=\"font-family: tahoma, arial, helvetica, sans-serif;\"><strong>Drachenkopf<\/strong><\/span><\/p>\n<p><span style=\"font-family: tahoma, arial, helvetica, sans-serif; font-size: inherit;\"><strong>Technik:<\/strong>\u00a0Aquarell \u00fcber Laserdruck<\/span><\/p>\n<p><span style=\"font-family: tahoma, arial, helvetica, sans-serif; font-size: inherit;\"><strong>Gr\u00f6\u00dfe:\u00a0<\/strong>19 x 25 cm<\/span><\/p>\n<p><span style=\"font-family: tahoma, arial, helvetica, sans-serif;\"><strong>Werkverzeichnis:\u00a0<\/strong>WaWo\/\/10\/03<\/span><\/p>\n<p>&nbsp;<\/td>\n<\/tr>\n<tr>\n<td style=\"width: 50%;\"><span style=\"font-family: tahoma, arial, helvetica, sans-serif;\"><img decoding=\"async\" loading=\"lazy\" class=\"aligncenter size-thumbnail wp-image-2797\" src=\"https:\/\/thomas-bedel.de\/walter-zimbrich\/wp-content\/uploads\/sites\/2\/2025\/04\/blanco-150x150.jpg\" alt=\"\" width=\"150\" height=\"150\" srcset=\"https:\/\/thomas-bedel.de\/walter-zimbrich\/wp-content\/uploads\/sites\/2\/2025\/04\/blanco-150x150.jpg 150w, https:\/\/thomas-bedel.de\/walter-zimbrich\/wp-content\/uploads\/sites\/2\/2025\/04\/blanco-298x300.jpg 298w, https:\/\/thomas-bedel.de\/walter-zimbrich\/wp-content\/uploads\/sites\/2\/2025\/04\/blanco.jpg 603w\" sizes=\"(max-width: 150px) 100vw, 150px\" \/><\/span><\/td>\n<td style=\"width: 50%;\"><span style=\"font-family: tahoma, arial, helvetica, sans-serif;\"><strong>Kesselofen<\/strong><\/span><\/p>\n<p><span style=\"font-family: tahoma, arial, helvetica, sans-serif; font-size: inherit;\"><strong>Technik:<\/strong>\u00a0Aquarell \u00fcber Laserdruck<\/span><\/p>\n<p><span style=\"font-family: tahoma, arial, helvetica, sans-serif; font-size: inherit;\"><strong>Gr\u00f6\u00dfe:\u00a0<\/strong>19 x 25 cm<\/span><\/p>\n<p><span style=\"font-family: tahoma, arial, helvetica, sans-serif;\"><strong>Werkverzeichnis:\u00a0<\/strong>WaWo\/\/11\/04<\/span><\/p>\n<p>&nbsp;<\/td>\n<\/tr>\n<tr>\n<td style=\"width: 50%;\"><span style=\"font-family: tahoma, arial, helvetica, sans-serif;\"><a href=\"https:\/\/thomas-bedel.de\/walter-zimbrich\/wp-content\/uploads\/sites\/2\/2025\/03\/WaWo-12-04-Der-Affentamp.jpg\"><img decoding=\"async\" loading=\"lazy\" class=\"wp-image-483 size-thumbnail aligncenter\" src=\"https:\/\/thomas-bedel.de\/walter-zimbrich\/wp-content\/uploads\/sites\/2\/2025\/03\/WaWo-12-04-Der-Affentamp-e1744234407402-150x150.jpg\" alt=\"\" width=\"150\" height=\"150\" \/><\/a><\/span><\/td>\n<td style=\"width: 50%;\"><span style=\"font-family: tahoma, arial, helvetica, sans-serif;\"><strong>Der Affentamp<\/strong><\/span><\/p>\n<p><span style=\"font-family: tahoma, arial, helvetica, sans-serif; font-size: inherit;\"><strong>Technik:<\/strong>\u00a0Aquarell \u00fcber Laserdruck<\/span><\/p>\n<p><span style=\"font-family: tahoma, arial, helvetica, sans-serif; font-size: inherit;\"><strong>Gr\u00f6\u00dfe:\u00a0<\/strong>19 x 25 cm<\/span><\/p>\n<p><span style=\"font-family: tahoma, arial, helvetica, sans-serif;\"><strong>Werkverzeichnis:\u00a0<\/strong>WaWo\/\/12\/04<\/span><\/p>\n<p>&nbsp;<\/td>\n<\/tr>\n<tr>\n<td style=\"width: 50%;\"><span style=\"font-family: tahoma, arial, helvetica, sans-serif;\"><a href=\"https:\/\/thomas-bedel.de\/walter-zimbrich\/wp-content\/uploads\/sites\/2\/2025\/03\/WaWo-13-04-Sankt-Elms-Feuer.jpg\"><img decoding=\"async\" loading=\"lazy\" class=\"wp-image-484 size-thumbnail aligncenter\" src=\"https:\/\/thomas-bedel.de\/walter-zimbrich\/wp-content\/uploads\/sites\/2\/2025\/03\/WaWo-13-04-Sankt-Elms-Feuer-e1744234370640-150x150.jpg\" alt=\"\" width=\"150\" height=\"150\" \/><\/a><\/span><\/td>\n<td style=\"width: 50%;\"><span style=\"font-family: tahoma, arial, helvetica, sans-serif;\"><strong>Sankt Elms Feuer<\/strong><\/span><\/p>\n<p><span style=\"font-family: tahoma, arial, helvetica, sans-serif; font-size: inherit;\"><strong>Technik:<\/strong>\u00a0Aquarell \u00fcber Laserdruck<\/span><\/p>\n<p><span style=\"font-family: tahoma, arial, helvetica, sans-serif; font-size: inherit;\"><strong>Gr\u00f6\u00dfe:\u00a0<\/strong>19 x 25 cm<\/span><\/p>\n<p><span style=\"font-family: tahoma, arial, helvetica, sans-serif;\"><strong>Werkverzeichnis:\u00a0<\/strong>WaWo\/\/13\/04<\/span><\/p>\n<p>&nbsp;<\/td>\n<\/tr>\n<tr>\n<td style=\"width: 50%;\"><span style=\"font-family: tahoma, arial, helvetica, sans-serif;\"><a href=\"https:\/\/thomas-bedel.de\/walter-zimbrich\/wp-content\/uploads\/sites\/2\/2025\/03\/WaWo-14-04-Nachtwache.jpg\"><img decoding=\"async\" loading=\"lazy\" class=\"wp-image-485 size-thumbnail aligncenter\" src=\"https:\/\/thomas-bedel.de\/walter-zimbrich\/wp-content\/uploads\/sites\/2\/2025\/03\/WaWo-14-04-Nachtwache-e1744234335391-150x150.jpg\" alt=\"\" width=\"150\" height=\"150\" \/><\/a><\/span><\/td>\n<td style=\"width: 50%;\"><span style=\"font-family: tahoma, arial, helvetica, sans-serif;\"><strong>Nachtwache<\/strong><\/span><\/p>\n<p><span style=\"font-family: tahoma, arial, helvetica, sans-serif; font-size: inherit;\"><strong>Technik:<\/strong>\u00a0Aquarell \u00fcber Laserdruck<\/span><\/p>\n<p><span style=\"font-family: tahoma, arial, helvetica, sans-serif; font-size: inherit;\"><strong>Gr\u00f6\u00dfe:\u00a0<\/strong>19 x 25 cm<\/span><\/p>\n<p><span style=\"font-family: tahoma, arial, helvetica, sans-serif;\"><strong>Werkverzeichnis:\u00a0<\/strong>WaWo\/\/14\/04<\/span><\/p>\n<p>&nbsp;<\/td>\n<\/tr>\n<tr>\n<td style=\"width: 50%;\"><span style=\"font-family: tahoma, arial, helvetica, sans-serif;\"><a href=\"https:\/\/thomas-bedel.de\/walter-zimbrich\/wp-content\/uploads\/sites\/2\/2025\/03\/WaWo-15-05-Spaten.jpg\"><img decoding=\"async\" loading=\"lazy\" class=\"aligncenter wp-image-486 size-thumbnail\" src=\"https:\/\/thomas-bedel.de\/walter-zimbrich\/wp-content\/uploads\/sites\/2\/2025\/03\/WaWo-15-05-Spaten-e1744234289658-150x150.jpg\" alt=\"\" width=\"150\" height=\"150\" \/><\/a><\/span><\/td>\n<td style=\"width: 50%;\"><span style=\"font-family: tahoma, arial, helvetica, sans-serif;\"><strong>Spaten<\/strong><\/span><\/p>\n<p><span style=\"font-family: tahoma, arial, helvetica, sans-serif; font-size: inherit;\"><strong>Technik:<\/strong>\u00a0Aquarell \u00fcber Laserdruck<\/span><\/p>\n<p><span style=\"font-family: tahoma, arial, helvetica, sans-serif; font-size: inherit;\"><strong>Gr\u00f6\u00dfe:\u00a0<\/strong>19 x 25 cm<\/span><\/p>\n<p><span style=\"font-family: tahoma, arial, helvetica, sans-serif;\"><strong>Werkverzeichnis:\u00a0<\/strong>WaWo\/\/15\/05<\/span><\/p>\n<p>&nbsp;<\/td>\n<\/tr>\n<tr>\n<td style=\"width: 50%;\"><span style=\"font-family: tahoma, arial, helvetica, sans-serif;\"><img decoding=\"async\" loading=\"lazy\" class=\"aligncenter size-thumbnail wp-image-2797\" src=\"https:\/\/thomas-bedel.de\/walter-zimbrich\/wp-content\/uploads\/sites\/2\/2025\/04\/blanco-150x150.jpg\" alt=\"\" width=\"150\" height=\"150\" srcset=\"https:\/\/thomas-bedel.de\/walter-zimbrich\/wp-content\/uploads\/sites\/2\/2025\/04\/blanco-150x150.jpg 150w, https:\/\/thomas-bedel.de\/walter-zimbrich\/wp-content\/uploads\/sites\/2\/2025\/04\/blanco-298x300.jpg 298w, https:\/\/thomas-bedel.de\/walter-zimbrich\/wp-content\/uploads\/sites\/2\/2025\/04\/blanco.jpg 603w\" sizes=\"(max-width: 150px) 100vw, 150px\" \/><\/span><\/td>\n<td style=\"width: 50%;\"><span style=\"font-family: tahoma, arial, helvetica, sans-serif;\"><strong>Am Bug<\/strong><\/span><\/p>\n<p><span style=\"font-family: tahoma, arial, helvetica, sans-serif; font-size: inherit;\"><strong>Technik:<\/strong>\u00a0Aquarell \u00fcber Laserdruck<\/span><\/p>\n<p><span style=\"font-family: tahoma, arial, helvetica, sans-serif; font-size: inherit;\"><strong>Gr\u00f6\u00dfe:\u00a0<\/strong>19 x 25 cm<\/span><\/p>\n<p><span style=\"font-family: tahoma, arial, helvetica, sans-serif;\"><strong>Werkverzeichnis:\u00a0<\/strong>WaWo\/\/16\/05<\/span><\/p>\n<p>&nbsp;<\/td>\n<\/tr>\n<tr>\n<td style=\"width: 50%;\"><span style=\"font-family: tahoma, arial, helvetica, sans-serif;\"><a href=\"https:\/\/thomas-bedel.de\/walter-zimbrich\/wp-content\/uploads\/sites\/2\/2025\/03\/WaWo-17-05-Die-Gabel.jpg\"><img decoding=\"async\" loading=\"lazy\" class=\"aligncenter wp-image-487 size-thumbnail\" src=\"https:\/\/thomas-bedel.de\/walter-zimbrich\/wp-content\/uploads\/sites\/2\/2025\/03\/WaWo-17-05-Die-Gabel-e1744234257612-150x150.jpg\" alt=\"\" width=\"150\" height=\"150\" \/><\/a><\/span><\/td>\n<td style=\"width: 50%;\"><span style=\"font-family: tahoma, arial, helvetica, sans-serif;\"><strong>Die Gabel<\/strong><\/span><\/p>\n<p><span style=\"font-family: tahoma, arial, helvetica, sans-serif; font-size: inherit;\"><strong>Technik:<\/strong>\u00a0Aquarell \u00fcber Laserdruck<\/span><\/p>\n<p><span style=\"font-family: tahoma, arial, helvetica, sans-serif; font-size: inherit;\"><strong>Gr\u00f6\u00dfe:\u00a0<\/strong>19 x 25 cm<\/span><\/p>\n<p><span style=\"font-family: tahoma, arial, helvetica, sans-serif;\"><strong>Werkverzeichnis:\u00a0<\/strong>WaWo\/\/17\/05<\/span><\/p>\n<p>&nbsp;<\/td>\n<\/tr>\n<tr>\n<td style=\"width: 50%;\"><span style=\"font-family: tahoma, arial, helvetica, sans-serif;\"><a href=\"https:\/\/thomas-bedel.de\/walter-zimbrich\/wp-content\/uploads\/sites\/2\/2025\/03\/WaWo-18-06-Mastkorb.jpg\"><img decoding=\"async\" loading=\"lazy\" class=\"aligncenter wp-image-488 size-thumbnail\" src=\"https:\/\/thomas-bedel.de\/walter-zimbrich\/wp-content\/uploads\/sites\/2\/2025\/03\/WaWo-18-06-Mastkorb-e1744234218208-150x150.jpg\" alt=\"\" width=\"150\" height=\"150\" \/><\/a><\/span><\/td>\n<td style=\"width: 50%;\"><span style=\"font-family: tahoma, arial, helvetica, sans-serif;\"><strong><span style=\"font-size: inherit;\">Mastkorb<\/span><\/strong><\/span><\/p>\n<p><span style=\"font-family: tahoma, arial, helvetica, sans-serif; font-size: inherit;\"><strong>Technik:<\/strong>\u00a0Aquarell \u00fcber Laserdruck<\/span><\/p>\n<p><span style=\"font-family: tahoma, arial, helvetica, sans-serif; font-size: inherit;\"><strong>Gr\u00f6\u00dfe:\u00a0<\/strong>19 x 25 cm<\/span><\/p>\n<p><span style=\"font-family: tahoma, arial, helvetica, sans-serif;\"><strong>Werkverzeichnis:\u00a0<\/strong>WaWo\/\/18\/06<\/span><\/p>\n<p>&nbsp;<\/td>\n<\/tr>\n<tr>\n<td style=\"width: 50%;\"><span style=\"font-family: tahoma, arial, helvetica, sans-serif;\"><a href=\"https:\/\/thomas-bedel.de\/walter-zimbrich\/wp-content\/uploads\/sites\/2\/2025\/03\/WaWo-19-06-Kocherei.jpg\"><img decoding=\"async\" loading=\"lazy\" class=\"aligncenter wp-image-490 size-thumbnail\" src=\"https:\/\/thomas-bedel.de\/walter-zimbrich\/wp-content\/uploads\/sites\/2\/2025\/03\/WaWo-19-06-Kocherei-e1744234174176-150x150.jpg\" alt=\"\" width=\"150\" height=\"150\" \/><\/a><\/span><\/td>\n<td style=\"width: 50%;\"><span style=\"font-family: tahoma, arial, helvetica, sans-serif;\"><strong>Kocherei<\/strong><\/span><\/p>\n<p><span style=\"font-family: tahoma, arial, helvetica, sans-serif; font-size: inherit;\"><strong>Technik:<\/strong>\u00a0Aquarell \u00fcber Laserdruck<\/span><\/p>\n<p><span style=\"font-family: tahoma, arial, helvetica, sans-serif; font-size: inherit;\"><strong>Gr\u00f6\u00dfe:\u00a0<\/strong>19 x 25 cm<\/span><\/p>\n<p><span style=\"font-family: tahoma, arial, helvetica, sans-serif;\"><strong>Werkverzeichnis:\u00a0<\/strong>WaWo\/\/19\/06<\/span><\/p>\n<p>&nbsp;<\/td>\n<\/tr>\n<tr>\n<td style=\"width: 50%;\"><span style=\"font-family: tahoma, arial, helvetica, sans-serif;\"><a href=\"https:\/\/thomas-bedel.de\/walter-zimbrich\/wp-content\/uploads\/sites\/2\/2025\/03\/WaWo-20-06-zerspelltes-Brot.jpg\"><img decoding=\"async\" loading=\"lazy\" class=\"aligncenter wp-image-492 size-thumbnail\" src=\"https:\/\/thomas-bedel.de\/walter-zimbrich\/wp-content\/uploads\/sites\/2\/2025\/03\/WaWo-20-06-zerspelltes-Brot-e1744234088394-150x150.jpg\" alt=\"\" width=\"150\" height=\"150\" \/><\/a><\/span><\/td>\n<td style=\"width: 50%;\"><span style=\"font-family: tahoma, arial, helvetica, sans-serif;\"><strong>zerspelltes Brot<\/strong><\/span><\/p>\n<p><span style=\"font-family: tahoma, arial, helvetica, sans-serif; font-size: inherit;\"><strong>Technik:<\/strong>\u00a0Aquarell \u00fcber Laserdruck<\/span><\/p>\n<p><span style=\"font-family: tahoma, arial, helvetica, sans-serif; font-size: inherit;\"><strong>Gr\u00f6\u00dfe:\u00a0<\/strong>19 x 25 cm<\/span><\/p>\n<p><span style=\"font-family: tahoma, arial, helvetica, sans-serif;\"><strong>Werkverzeichnis:\u00a0<\/strong>WaWo\/\/20\/06<\/span><\/p>\n<p>&nbsp;<\/td>\n<\/tr>\n<tr>\n<td style=\"width: 50%;\"><span style=\"font-family: tahoma, arial, helvetica, sans-serif;\"><a href=\"https:\/\/thomas-bedel.de\/walter-zimbrich\/wp-content\/uploads\/sites\/2\/2025\/03\/WaWo-21-06-Kochender-Kessel.jpg\"><img decoding=\"async\" loading=\"lazy\" class=\"aligncenter wp-image-493 size-thumbnail\" src=\"https:\/\/thomas-bedel.de\/walter-zimbrich\/wp-content\/uploads\/sites\/2\/2025\/03\/WaWo-21-06-Kochender-Kessel-e1744234048171-150x150.jpg\" alt=\"\" width=\"150\" height=\"150\" \/><\/a><\/span><\/td>\n<td style=\"width: 50%;\"><span style=\"font-family: tahoma, arial, helvetica, sans-serif;\"><strong>Kochender Kessel<\/strong><\/span><\/p>\n<p><span style=\"font-family: tahoma, arial, helvetica, sans-serif; font-size: inherit;\"><strong>Technik:<\/strong>\u00a0Aquarell \u00fcber Laserdruck<\/span><\/p>\n<p><span style=\"font-family: tahoma, arial, helvetica, sans-serif; font-size: inherit;\"><strong>Gr\u00f6\u00dfe:\u00a0<\/strong>19 x 25 cm<\/span><\/p>\n<p><span style=\"font-family: tahoma, arial, helvetica, sans-serif;\"><strong>Werkverzeichnis:\u00a0<\/strong>WaWo\/\/21\/06<\/span><\/p>\n<p>&nbsp;<\/td>\n<\/tr>\n<tr>\n<td style=\"width: 50%;\"><span style=\"font-family: tahoma, arial, helvetica, sans-serif;\"><a href=\"https:\/\/thomas-bedel.de\/walter-zimbrich\/wp-content\/uploads\/sites\/2\/2025\/03\/WaWo-22-07-Ballast.jpg\"><img decoding=\"async\" loading=\"lazy\" class=\"aligncenter wp-image-494 size-thumbnail\" src=\"https:\/\/thomas-bedel.de\/walter-zimbrich\/wp-content\/uploads\/sites\/2\/2025\/03\/WaWo-22-07-Ballast-e1744233847835-150x150.jpg\" alt=\"\" width=\"150\" height=\"150\" \/><\/a><\/span><\/td>\n<td style=\"width: 50%;\"><span style=\"font-family: tahoma, arial, helvetica, sans-serif;\"><strong>Ballast<\/strong><\/span><\/p>\n<p><span style=\"font-family: tahoma, arial, helvetica, sans-serif; font-size: inherit;\"><strong>Technik:<\/strong>\u00a0Aquarell \u00fcber Laserdruck<\/span><\/p>\n<p><span style=\"font-family: tahoma, arial, helvetica, sans-serif; font-size: inherit;\"><strong>Gr\u00f6\u00dfe:\u00a0<\/strong>19 x 25 cm<\/span><\/p>\n<p><span style=\"font-family: tahoma, arial, helvetica, sans-serif;\"><strong>Werkverzeichnis:\u00a0<\/strong>WaWo\/\/22\/07<\/span><\/p>\n<p>&nbsp;<\/td>\n<\/tr>\n<tr>\n<td style=\"width: 50%;\"><span style=\"font-family: tahoma, arial, helvetica, sans-serif;\"><a href=\"https:\/\/thomas-bedel.de\/walter-zimbrich\/wp-content\/uploads\/sites\/2\/2025\/03\/WaWo-23-07-Nahkampf.jpg\"><img decoding=\"async\" loading=\"lazy\" class=\"aligncenter wp-image-495 size-thumbnail\" src=\"https:\/\/thomas-bedel.de\/walter-zimbrich\/wp-content\/uploads\/sites\/2\/2025\/03\/WaWo-23-07-Nahkampf-e1744233806578-150x150.jpg\" alt=\"\" width=\"150\" height=\"150\" \/><\/a><\/span><\/td>\n<td style=\"width: 50%;\"><span style=\"font-family: tahoma, arial, helvetica, sans-serif;\"><strong><span style=\"font-size: inherit;\">Nahkampf<\/span><\/strong><\/span><\/p>\n<p><span style=\"font-family: tahoma, arial, helvetica, sans-serif; font-size: inherit;\"><strong>Technik:<\/strong>\u00a0Aquarell \u00fcber Laserdruck<\/span><\/p>\n<p><span style=\"font-family: tahoma, arial, helvetica, sans-serif; font-size: inherit;\"><strong>Gr\u00f6\u00dfe:\u00a0<\/strong>19 x 25 cm<\/span><\/p>\n<p><span style=\"font-family: tahoma, arial, helvetica, sans-serif;\"><strong>Werkverzeichnis:\u00a0<\/strong>WaWo\/\/23\/07<\/span><\/p>\n<p>&nbsp;<\/td>\n<\/tr>\n<\/tbody>\n<\/table>\n","protected":false},"excerpt":{"rendered":"<p>So m\u00f6ge dein Leben sein! (H. Melville) Rettungsboot Technik:\u00a0Aquarell \u00fcber Laserdruck Gr\u00f6\u00dfe:\u00a019 x 25 cm Werkverzeichnis:\u00a0WaWo\/\/1\/02 &nbsp; Kieloben Technik:\u00a0Aquarell \u00fcber Laserdruck Gr\u00f6\u00dfe:\u00a019 x 25 cm Werkverzeichnis:\u00a0WaWo\/\/2\/02 &nbsp; Knurrhahn Technik:\u00a0Aquarell \u00fcber Laserdruck Gr\u00f6\u00dfe:\u00a019 x 25 cm Werkverzeichnis:\u00a0WaWo\/\/3\/02 &nbsp; Fedallah \u00fcber Bord Technik:\u00a0Aquarell \u00fcber Laserdruck Gr\u00f6\u00dfe:\u00a019 x 25 cm Werkverzeichnis:\u00a0WaWo\/\/4\/02 &nbsp; Zerfetztes Segel Technik:\u00a0Aquarell \u00fcber Laserdruck Gr\u00f6\u00dfe:\u00a019<\/p>\n","protected":false},"author":1,"featured_media":0,"parent":0,"menu_order":0,"comment_status":"closed","ping_status":"closed","template":"","meta":{"_coblocks_attr":"","_coblocks_dimensions":"","_coblocks_responsive_height":"","_coblocks_accordion_ie_support":"","_links_to":"","_links_to_target":""},"_links":{"self":[{"href":"https:\/\/thomas-bedel.de\/walter-zimbrich\/wp-json\/wp\/v2\/pages\/475"}],"collection":[{"href":"https:\/\/thomas-bedel.de\/walter-zimbrich\/wp-json\/wp\/v2\/pages"}],"about":[{"href":"https:\/\/thomas-bedel.de\/walter-zimbrich\/wp-json\/wp\/v2\/types\/page"}],"author":[{"embeddable":true,"href":"https:\/\/thomas-bedel.de\/walter-zimbrich\/wp-json\/wp\/v2\/users\/1"}],"replies":[{"embeddable":true,"href":"https:\/\/thomas-bedel.de\/walter-zimbrich\/wp-json\/wp\/v2\/comments?post=475"}],"version-history":[{"count":11,"href":"https:\/\/thomas-bedel.de\/walter-zimbrich\/wp-json\/wp\/v2\/pages\/475\/revisions"}],"predecessor-version":[{"id":788,"href":"https:\/\/thomas-bedel.de\/walter-zimbrich\/wp-json\/wp\/v2\/pages\/475\/revisions\/788"}],"wp:attachment":[{"href":"https:\/\/thomas-bedel.de\/walter-zimbrich\/wp-json\/wp\/v2\/media?parent=475"}],"curies":[{"name":"wp","href":"https:\/\/api.w.org\/{rel}","templated":true}]}}