{"id":4856,"date":"2025-11-17T22:07:47","date_gmt":"2025-11-17T21:07:47","guid":{"rendered":"https:\/\/thomas-bedel.de\/walter-zimbrich\/?page_id=4856"},"modified":"2025-11-19T23:03:04","modified_gmt":"2025-11-19T22:03:04","slug":"1986-verbrannte-erde","status":"publish","type":"page","link":"https:\/\/thomas-bedel.de\/walter-zimbrich\/1986-verbrannte-erde\/","title":{"rendered":"1986 &#8211; Verbrannte Erde"},"content":{"rendered":"<table style=\"border-collapse: collapse; width: 100%; height: 2520px;\">\n<tbody>\n<tr style=\"height: 220px;\">\n<td style=\"width: 50%; height: 220px;\"><span style=\"font-family: tahoma, arial, helvetica, sans-serif;\"><a href=\"https:\/\/thomas-bedel.de\/walter-zimbrich\/wp-content\/uploads\/sites\/2\/2025\/10\/vEr-1-86-Minsk.jpg\"><img decoding=\"async\" loading=\"lazy\" class=\"size-thumbnail wp-image-4174 aligncenter\" src=\"https:\/\/thomas-bedel.de\/walter-zimbrich\/wp-content\/uploads\/sites\/2\/2025\/10\/vEr-1-86-Minsk-150x150.jpg\" alt=\"\" width=\"150\" height=\"150\" \/><\/a><\/span><\/td>\n<td style=\"width: 50%; height: 220px;\"><span style=\"font-family: tahoma, arial, helvetica, sans-serif;\"><strong>Minsk<\/strong><\/span><\/p>\n<p><span style=\"font-family: tahoma, arial, helvetica, sans-serif; font-size: inherit;\"><strong>Technik:<\/strong>\u00a0Aquarell\/Collage<\/span><\/p>\n<p><span style=\"font-family: tahoma, arial, helvetica, sans-serif; font-size: inherit;\"><strong>Gr\u00f6\u00dfe:\u00a0<\/strong>43 x 61 cm<\/span><\/p>\n<p><span style=\"font-family: tahoma, arial, helvetica, sans-serif;\"><strong>Werkverzeichnis:\u00a0<\/strong>vEr\/1\/86<\/span><\/p>\n<p>&nbsp;<\/td>\n<\/tr>\n<tr style=\"height: 220px;\">\n<td style=\"width: 50%; height: 220px;\"><span style=\"font-family: tahoma, arial, helvetica, sans-serif;\"><a href=\"https:\/\/thomas-bedel.de\/walter-zimbrich\/wp-content\/uploads\/sites\/2\/2025\/10\/vEr-2-86-Orscha.jpg\"><img decoding=\"async\" loading=\"lazy\" class=\"size-thumbnail wp-image-4175 aligncenter\" src=\"https:\/\/thomas-bedel.de\/walter-zimbrich\/wp-content\/uploads\/sites\/2\/2025\/10\/vEr-2-86-Orscha-150x150.jpg\" alt=\"\" width=\"150\" height=\"150\" \/><\/a><\/span><\/td>\n<td style=\"width: 50%; height: 220px;\"><span style=\"font-family: tahoma, arial, helvetica, sans-serif;\"><strong>Orscha<\/strong><\/span><\/p>\n<p><span style=\"font-family: tahoma, arial, helvetica, sans-serif; font-size: inherit;\"><strong>Technik:<\/strong>\u00a0Aquarell\/Collage<\/span><\/p>\n<p><span style=\"font-family: tahoma, arial, helvetica, sans-serif; font-size: inherit;\"><strong>Gr\u00f6\u00dfe:\u00a0<\/strong>43 x 61 cm<\/span><\/p>\n<p><span style=\"font-family: tahoma, arial, helvetica, sans-serif;\"><strong>Werkverzeichnis:\u00a0<\/strong>vEr\/2\/86<\/span><\/p>\n<p>&nbsp;<\/td>\n<\/tr>\n<tr style=\"height: 220px;\">\n<td style=\"width: 50%; height: 220px;\"><span style=\"font-family: tahoma, arial, helvetica, sans-serif;\"><a href=\"https:\/\/thomas-bedel.de\/walter-zimbrich\/wp-content\/uploads\/sites\/2\/2025\/10\/vEr-3-86-Witebsk.jpg\"><img decoding=\"async\" loading=\"lazy\" class=\"size-thumbnail wp-image-4176 aligncenter\" src=\"https:\/\/thomas-bedel.de\/walter-zimbrich\/wp-content\/uploads\/sites\/2\/2025\/10\/vEr-3-86-Witebsk-150x150.jpg\" alt=\"\" width=\"150\" height=\"150\" \/><\/a><\/span><\/td>\n<td style=\"width: 50%; height: 220px;\"><span style=\"font-family: tahoma, arial, helvetica, sans-serif;\"><strong>Witebsk<\/strong><\/span><\/p>\n<p><span style=\"font-family: tahoma, arial, helvetica, sans-serif; font-size: inherit;\"><strong>Technik:<\/strong>\u00a0Aquarell\/Collage<\/span><\/p>\n<p><span style=\"font-family: tahoma, arial, helvetica, sans-serif; font-size: inherit;\"><strong>Gr\u00f6\u00dfe:\u00a0<\/strong>43 x 61 cm<\/span><\/p>\n<p><span style=\"font-family: tahoma, arial, helvetica, sans-serif;\"><strong>Werkverzeichnis:\u00a0<\/strong>vEr\/3\/86<\/span><\/p>\n<p>&nbsp;<\/td>\n<\/tr>\n<tr style=\"height: 220px;\">\n<td style=\"width: 50%; height: 220px;\"><span style=\"font-family: tahoma, arial, helvetica, sans-serif;\"><a href=\"https:\/\/thomas-bedel.de\/walter-zimbrich\/wp-content\/uploads\/sites\/2\/2025\/10\/vEr-4-86-Uman.jpg\"><img decoding=\"async\" loading=\"lazy\" class=\"size-thumbnail wp-image-4177 aligncenter\" src=\"https:\/\/thomas-bedel.de\/walter-zimbrich\/wp-content\/uploads\/sites\/2\/2025\/10\/vEr-4-86-Uman-150x150.jpg\" alt=\"\" width=\"150\" height=\"150\" \/><\/a><\/span><\/td>\n<td style=\"width: 50%; height: 220px;\"><span style=\"font-family: tahoma, arial, helvetica, sans-serif;\"><strong>Uman<\/strong><\/span><\/p>\n<p><span style=\"font-family: tahoma, arial, helvetica, sans-serif; font-size: inherit;\"><strong>Technik:<\/strong>\u00a0Aquarell\/Collage<\/span><\/p>\n<p><span style=\"font-family: tahoma, arial, helvetica, sans-serif; font-size: inherit;\"><strong>Gr\u00f6\u00dfe:\u00a0<\/strong>43 x 61 cm<\/span><\/p>\n<p><span style=\"font-family: tahoma, arial, helvetica, sans-serif;\"><strong>Werkverzeichnis:\u00a0<\/strong>vEr\/4\/86<\/span><\/p>\n<p>&nbsp;<\/td>\n<\/tr>\n<tr style=\"height: 220px;\">\n<td style=\"width: 50%; height: 220px;\"><span style=\"font-family: tahoma, arial, helvetica, sans-serif;\"><a href=\"https:\/\/thomas-bedel.de\/walter-zimbrich\/wp-content\/uploads\/sites\/2\/2025\/10\/vEr-5-86-Welikije-Luki.jpg\"><img decoding=\"async\" loading=\"lazy\" class=\"size-thumbnail wp-image-4178 aligncenter\" src=\"https:\/\/thomas-bedel.de\/walter-zimbrich\/wp-content\/uploads\/sites\/2\/2025\/10\/vEr-5-86-Welikije-Luki-150x150.jpg\" alt=\"\" width=\"150\" height=\"150\" \/><\/a><\/span><\/td>\n<td style=\"width: 50%; height: 220px;\"><span style=\"font-family: tahoma, arial, helvetica, sans-serif;\"><strong>Welikije-Luki<\/strong><\/span><\/p>\n<p><span style=\"font-family: tahoma, arial, helvetica, sans-serif; font-size: inherit;\"><strong>Technik:<\/strong> Collage\/\u00d6l<\/span><\/p>\n<p><span style=\"font-family: tahoma, arial, helvetica, sans-serif; font-size: inherit;\"><strong>Gr\u00f6\u00dfe:\u00a0<\/strong>84 x 119 cm<\/span><\/p>\n<p><span style=\"font-family: tahoma, arial, helvetica, sans-serif;\"><strong>Werkverzeichnis:\u00a0<\/strong>vEr\/5\/86<\/span><\/p>\n<p>&nbsp;<\/td>\n<\/tr>\n<tr style=\"height: 220px;\">\n<td style=\"width: 50%; height: 220px;\"><span style=\"font-family: tahoma, arial, helvetica, sans-serif;\"><a href=\"https:\/\/thomas-bedel.de\/walter-zimbrich\/wp-content\/uploads\/sites\/2\/2025\/10\/vEr-6-86-Kyjiw.jpg\"><img decoding=\"async\" loading=\"lazy\" class=\"size-thumbnail wp-image-4179 aligncenter\" src=\"https:\/\/thomas-bedel.de\/walter-zimbrich\/wp-content\/uploads\/sites\/2\/2025\/10\/vEr-6-86-Kyjiw-150x150.jpg\" alt=\"\" width=\"150\" height=\"150\" \/><\/a><\/span><\/td>\n<td style=\"width: 50%; height: 220px;\"><span style=\"font-family: tahoma, arial, helvetica, sans-serif;\"><strong>Kyjiw<\/strong><\/span><\/p>\n<p><span style=\"font-family: tahoma, arial, helvetica, sans-serif; font-size: inherit;\"><strong>Technik:<\/strong> Collage\/Aquarell<\/span><\/p>\n<p><span style=\"font-family: tahoma, arial, helvetica, sans-serif; font-size: inherit;\"><strong>Gr\u00f6\u00dfe:\u00a0<\/strong>43 x 61 cm<\/span><\/p>\n<p><span style=\"font-family: tahoma, arial, helvetica, sans-serif;\"><strong>Werkverzeichnis:\u00a0<\/strong>vEr\/6\/86<\/span><\/p>\n<p>&nbsp;<\/td>\n<\/tr>\n<tr style=\"height: 220px;\">\n<td style=\"width: 50%; height: 220px;\"><span style=\"font-family: tahoma, arial, helvetica, sans-serif;\"><a href=\"https:\/\/thomas-bedel.de\/walter-zimbrich\/wp-content\/uploads\/sites\/2\/2025\/10\/vEr-7-86-Wjasma.jpg\"><img decoding=\"async\" loading=\"lazy\" class=\"size-thumbnail wp-image-4180 aligncenter\" src=\"https:\/\/thomas-bedel.de\/walter-zimbrich\/wp-content\/uploads\/sites\/2\/2025\/10\/vEr-7-86-Wjasma-150x150.jpg\" alt=\"\" width=\"150\" height=\"150\" \/><\/a><\/span><\/td>\n<td style=\"width: 50%; height: 220px;\"><span style=\"font-family: tahoma, arial, helvetica, sans-serif;\"><strong>Wjasma<\/strong><\/span><\/p>\n<p><span style=\"font-family: tahoma, arial, helvetica, sans-serif; font-size: inherit;\"><strong>Technik:<\/strong> Collage\/Aquarell<\/span><\/p>\n<p><span style=\"font-family: tahoma, arial, helvetica, sans-serif; font-size: inherit;\"><strong>Gr\u00f6\u00dfe:\u00a0<\/strong>43 x 61 cm<\/span><\/p>\n<p><span style=\"font-family: tahoma, arial, helvetica, sans-serif;\"><strong>Werkverzeichnis:\u00a0<\/strong>vEr\/7\/86<\/span><\/p>\n<p>&nbsp;<\/td>\n<\/tr>\n<tr style=\"height: 220px;\">\n<td style=\"width: 50%; height: 220px;\"><span style=\"font-family: tahoma, arial, helvetica, sans-serif;\"><a href=\"https:\/\/thomas-bedel.de\/walter-zimbrich\/wp-content\/uploads\/sites\/2\/2025\/10\/vEr-8-86-Brjansk.jpg\"><img decoding=\"async\" loading=\"lazy\" class=\"size-thumbnail wp-image-4181 aligncenter\" src=\"https:\/\/thomas-bedel.de\/walter-zimbrich\/wp-content\/uploads\/sites\/2\/2025\/10\/vEr-8-86-Brjansk-150x150.jpg\" alt=\"\" width=\"150\" height=\"150\" \/><\/a><\/span><\/td>\n<td style=\"width: 50%; height: 220px;\"><span style=\"font-family: tahoma, arial, helvetica, sans-serif;\"><strong>Brjansk<\/strong><\/span><\/p>\n<p><span style=\"font-family: tahoma, arial, helvetica, sans-serif; font-size: inherit;\"><strong>Technik:<\/strong> Collage\/Aquarell<\/span><\/p>\n<p><span style=\"font-family: tahoma, arial, helvetica, sans-serif; font-size: inherit;\"><strong>Gr\u00f6\u00dfe:\u00a0<\/strong>43 x 61 cm<\/span><\/p>\n<p><span style=\"font-family: tahoma, arial, helvetica, sans-serif;\"><strong>Werkverzeichnis:\u00a0<\/strong>vEr\/8\/86<\/span><\/p>\n<p>&nbsp;<\/td>\n<\/tr>\n<tr style=\"height: 220px;\">\n<td style=\"width: 50%; height: 220px;\"><span style=\"font-family: tahoma, arial, helvetica, sans-serif;\"><a href=\"https:\/\/thomas-bedel.de\/walter-zimbrich\/wp-content\/uploads\/sites\/2\/2025\/10\/vEr-9-86-Demjansk.jpg\"><img decoding=\"async\" loading=\"lazy\" class=\"size-thumbnail wp-image-4182 aligncenter\" src=\"https:\/\/thomas-bedel.de\/walter-zimbrich\/wp-content\/uploads\/sites\/2\/2025\/10\/vEr-9-86-Demjansk-150x150.jpg\" alt=\"\" width=\"150\" height=\"150\" \/><\/a><\/span><\/td>\n<td style=\"width: 50%; height: 220px;\"><span style=\"font-family: tahoma, arial, helvetica, sans-serif;\"><strong>Demjansk<\/strong><\/span><\/p>\n<p><span style=\"font-family: tahoma, arial, helvetica, sans-serif; font-size: inherit;\"><strong>Technik:<\/strong> Collage\/Aquarell<\/span><\/p>\n<p><span style=\"font-family: tahoma, arial, helvetica, sans-serif; font-size: inherit;\"><strong>Gr\u00f6\u00dfe:\u00a0<\/strong>43 x 61 cm<\/span><\/p>\n<p><span style=\"font-family: tahoma, arial, helvetica, sans-serif;\"><strong>Werkverzeichnis:\u00a0<\/strong>vEr\/9\/86<\/span><\/p>\n<p>&nbsp;<\/td>\n<\/tr>\n<tr style=\"height: 180px;\">\n<td style=\"width: 50%; height: 180px;\"><span style=\"font-family: tahoma, arial, helvetica, sans-serif;\"><a href=\"https:\/\/thomas-bedel.de\/walter-zimbrich\/wp-content\/uploads\/sites\/2\/2025\/10\/vEr-10-86-Smolensk.jpg\"><img decoding=\"async\" loading=\"lazy\" class=\"size-thumbnail wp-image-4183 aligncenter\" src=\"https:\/\/thomas-bedel.de\/walter-zimbrich\/wp-content\/uploads\/sites\/2\/2025\/10\/vEr-10-86-Smolensk-150x150.jpg\" alt=\"\" width=\"150\" height=\"150\" \/><\/a><\/span><\/td>\n<td style=\"width: 50%; height: 180px;\"><span style=\"font-family: tahoma, arial, helvetica, sans-serif;\"><strong>Smolensk<\/strong><\/span><\/p>\n<p><span style=\"font-family: tahoma, arial, helvetica, sans-serif; font-size: inherit;\"><strong>Technik:<\/strong> Collage\/Aquarell<\/span><\/p>\n<p><span style=\"font-family: tahoma, arial, helvetica, sans-serif; font-size: inherit;\"><strong>Gr\u00f6\u00dfe:\u00a0<\/strong>43 x 61 cm<\/span><\/p>\n<p><span style=\"font-family: tahoma, arial, helvetica, sans-serif;\"><strong>Werkverzeichnis:\u00a0<\/strong>vEr\/10\/86<\/span><\/p>\n<p>&nbsp;<\/td>\n<\/tr>\n<tr style=\"height: 180px;\">\n<td style=\"width: 50%; height: 180px;\"><span style=\"font-family: tahoma, arial, helvetica, sans-serif;\"><a href=\"https:\/\/thomas-bedel.de\/walter-zimbrich\/wp-content\/uploads\/sites\/2\/2025\/04\/blanco.jpg\"><img decoding=\"async\" loading=\"lazy\" class=\"size-thumbnail wp-image-2797 aligncenter\" src=\"https:\/\/thomas-bedel.de\/walter-zimbrich\/wp-content\/uploads\/sites\/2\/2025\/04\/blanco-150x150.jpg\" alt=\"\" width=\"150\" height=\"150\" srcset=\"https:\/\/thomas-bedel.de\/walter-zimbrich\/wp-content\/uploads\/sites\/2\/2025\/04\/blanco-150x150.jpg 150w, https:\/\/thomas-bedel.de\/walter-zimbrich\/wp-content\/uploads\/sites\/2\/2025\/04\/blanco-298x300.jpg 298w, https:\/\/thomas-bedel.de\/walter-zimbrich\/wp-content\/uploads\/sites\/2\/2025\/04\/blanco.jpg 603w\" sizes=\"(max-width: 150px) 100vw, 150px\" \/><\/a><\/span><\/td>\n<td style=\"width: 50%; height: 180px;\"><span style=\"font-family: tahoma, arial, helvetica, sans-serif;\"><strong>Kertsch<\/strong><\/span><\/p>\n<p><span style=\"font-family: tahoma, arial, helvetica, sans-serif; font-size: inherit;\"><strong>Technik:<\/strong> Collage\/Aquarell<\/span><\/p>\n<p><span style=\"font-family: tahoma, arial, helvetica, sans-serif; font-size: inherit;\"><strong>Gr\u00f6\u00dfe:\u00a0<\/strong>43 x 61 cm<\/span><\/p>\n<p><span style=\"font-family: tahoma, arial, helvetica, sans-serif;\"><strong>Werkverzeichnis:\u00a0<\/strong>vEr\/11\/86<\/span><\/p>\n<p>&nbsp;<\/td>\n<\/tr>\n<tr style=\"height: 180px;\">\n<td style=\"width: 50%; height: 180px;\"><span style=\"font-family: tahoma, arial, helvetica, sans-serif;\"><a href=\"https:\/\/thomas-bedel.de\/walter-zimbrich\/wp-content\/uploads\/sites\/2\/2025\/10\/vEr-12-86-Tajun.jpg\"><img decoding=\"async\" loading=\"lazy\" class=\"size-thumbnail wp-image-4184 aligncenter\" src=\"https:\/\/thomas-bedel.de\/walter-zimbrich\/wp-content\/uploads\/sites\/2\/2025\/10\/vEr-12-86-Tajun-150x150.jpg\" alt=\"\" width=\"150\" height=\"150\" \/><\/a><\/span><\/td>\n<td style=\"width: 50%; height: 180px;\"><span style=\"font-family: tahoma, arial, helvetica, sans-serif;\"><strong>Isjun<\/strong><\/span><\/p>\n<p><span style=\"font-family: tahoma, arial, helvetica, sans-serif; font-size: inherit;\"><strong>Technik:<\/strong> Collage\/\u00d6l<\/span><\/p>\n<p><span style=\"font-family: tahoma, arial, helvetica, sans-serif; font-size: inherit;\"><strong>Gr\u00f6\u00dfe:\u00a0<\/strong>43 x 61 cm<\/span><\/p>\n<p><span style=\"font-family: tahoma, arial, helvetica, sans-serif;\"><strong>Werkverzeichnis:\u00a0<\/strong>vEr\/12\/86<\/span><\/p>\n<p>&nbsp;<\/td>\n<\/tr>\n<\/tbody>\n<\/table>\n","protected":false},"excerpt":{"rendered":"<p>Minsk Technik:\u00a0Aquarell\/Collage Gr\u00f6\u00dfe:\u00a043 x 61 cm Werkverzeichnis:\u00a0vEr\/1\/86 &nbsp; Orscha Technik:\u00a0Aquarell\/Collage Gr\u00f6\u00dfe:\u00a043 x 61 cm Werkverzeichnis:\u00a0vEr\/2\/86 &nbsp; Witebsk Technik:\u00a0Aquarell\/Collage Gr\u00f6\u00dfe:\u00a043 x 61 cm Werkverzeichnis:\u00a0vEr\/3\/86 &nbsp; Uman Technik:\u00a0Aquarell\/Collage Gr\u00f6\u00dfe:\u00a043 x 61 cm Werkverzeichnis:\u00a0vEr\/4\/86 &nbsp; Welikije-Luki Technik: Collage\/\u00d6l Gr\u00f6\u00dfe:\u00a084 x 119 cm Werkverzeichnis:\u00a0vEr\/5\/86 &nbsp; Kyjiw Technik: Collage\/Aquarell Gr\u00f6\u00dfe:\u00a043 x 61 cm Werkverzeichnis:\u00a0vEr\/6\/86 &nbsp; Wjasma Technik: Collage\/Aquarell Gr\u00f6\u00dfe:\u00a043 x<\/p>\n","protected":false},"author":1,"featured_media":0,"parent":0,"menu_order":0,"comment_status":"closed","ping_status":"closed","template":"","meta":{"_coblocks_attr":"","_coblocks_dimensions":"","_coblocks_responsive_height":"","_coblocks_accordion_ie_support":"","_links_to":"","_links_to_target":""},"_links":{"self":[{"href":"https:\/\/thomas-bedel.de\/walter-zimbrich\/wp-json\/wp\/v2\/pages\/4856"}],"collection":[{"href":"https:\/\/thomas-bedel.de\/walter-zimbrich\/wp-json\/wp\/v2\/pages"}],"about":[{"href":"https:\/\/thomas-bedel.de\/walter-zimbrich\/wp-json\/wp\/v2\/types\/page"}],"author":[{"embeddable":true,"href":"https:\/\/thomas-bedel.de\/walter-zimbrich\/wp-json\/wp\/v2\/users\/1"}],"replies":[{"embeddable":true,"href":"https:\/\/thomas-bedel.de\/walter-zimbrich\/wp-json\/wp\/v2\/comments?post=4856"}],"version-history":[{"count":2,"href":"https:\/\/thomas-bedel.de\/walter-zimbrich\/wp-json\/wp\/v2\/pages\/4856\/revisions"}],"predecessor-version":[{"id":4986,"href":"https:\/\/thomas-bedel.de\/walter-zimbrich\/wp-json\/wp\/v2\/pages\/4856\/revisions\/4986"}],"wp:attachment":[{"href":"https:\/\/thomas-bedel.de\/walter-zimbrich\/wp-json\/wp\/v2\/media?parent=4856"}],"curies":[{"name":"wp","href":"https:\/\/api.w.org\/{rel}","templated":true}]}}